{"id":368,"date":"2021-10-01T16:46:45","date_gmt":"2021-10-01T13:46:45","guid":{"rendered":"https:\/\/www.tehtavaniekat.fi\/?page_id=368"},"modified":"2026-03-24T23:40:17","modified_gmt":"2026-03-24T21:40:17","slug":"laadintakilpailut","status":"publish","type":"page","link":"https:\/\/www.tehtavaniekat.fi\/index.php\/laadintakilpailut\/","title":{"rendered":"Laadintakilpailut"},"content":{"rendered":"\n<h1 class=\"wp-block-heading\">Laadintakilpailut<\/h1>\n\n\n\n<figure class=\"wp-block-table is-style-regular\"><table><tbody><tr><td><strong>Kotimaiset laadintakilpailut<\/strong><\/td><td>ST:n j\u00e4senlehden <em>Teht\u00e4v\u00e4niekan<\/em><strong> vuosikilpailut<\/strong> ensipainosteht\u00e4ville ovat k\u00e4ynniss\u00e4 jatkuvasti.<\/td><\/tr><tr><td><strong>Ulkomaiset laadintakilpailut<\/strong><\/td><td>Tietoa ulkomaisista kilpailuista saa alan lehdist\u00e4, kansainv\u00e4lisilt\u00e4 verkkosivuilta ja teht\u00e4v\u00e4illoissa. WFCC:n sivuilla on jatkuvasti p\u00e4ivitett\u00e4v\u00e4 <a href=\"https:\/\/www.wfcc.ch\/competitions\/composing\/calendar\/\">kilpailukalenteri<\/a>.<\/td><\/tr><tr><td><strong>WCCT<\/strong><\/td><td>Kuudes kansainv\u00e4linen joukkuelaadintakilpailu (World Chess Composition Tournament eli WCCT) k\u00e4ytiin vuosina 1998-2000. <a href=\"https:\/\/www.tehtavaniekat.fi\/index.php\/6-wcct\/\">Tulokset<\/a><br><br>Seisem\u00e4s WCCT k\u00e4ytiin vuosina 2001-2004. <a href=\"https:\/\/www.tehtavaniekat.fi\/index.php\/7-wcct\/\" target=\"_blank\" rel=\"noreferrer noopener\">Tulokset<\/a><br><br>Kahdeksas WCCT alkoi vuoden 2005 lopussa. Laadinta-aika p\u00e4\u00e4ttyi 1.3.2007. Suomi oli yksi lopputeht\u00e4v\u00e4ryhm\u00e4n viidest\u00e4 tuomarista. <a href=\"https:\/\/www.tehtavaniekat.fi\/index.php\/8-wcct\/\" target=\"_blank\" rel=\"noreferrer noopener\">Lopputulokset<\/a> saatiin vuoden 2008 lopulla. <br><br>9. WCCT alkoi 15.1.2011 ja laadinta-aika p\u00e4\u00e4ttyi 15.4.2012. Suomi oli tuomarina monisiirtois- ja lopputeht\u00e4v\u00e4ryhm\u00e4ss\u00e4. <a href=\"https:\/\/www.tehtavaniekat.fi\/index.php\/9-wcct-kilpailu\/\" target=\"_blank\" rel=\"noreferrer noopener\">Tulokset<\/a> julkaistiin syyskuussa 2013. Suomi sijoittui yhdeks\u00e4nneksi 37 maan joukossa. <br><br><a href=\"https:\/\/www.tehtavaniekat.fi\/index.php\/10-wcct-kilpailu\/\" target=\"_blank\" rel=\"noreferrer noopener\">10. WCCT<\/a> alkoi vuoden 2015 alussa. Laadinta-aikaa oli 1.5.2016 asti. Kilpailuun osallistui 38 maata kahdeksassa teht\u00e4v\u00e4ryhm\u00e4ss\u00e4, joihin tuli 684 teht\u00e4v\u00e4\u00e4 258 laatijalta. My\u00f6s t\u00e4ll\u00e4 kerralla oli Suomen sijoitus 9. <a href=\"https:\/\/www.wfcc.ch\/final-results-10wcct\/\">Lopulliset tulokset<\/a> pdf-muodossa. <br><br>11. WCCT alkoi kes\u00e4ll\u00e4 2020. Laadinta-aikaa oli 1.7.2021 asti. Kilpailuun osallistui 33 maata kahdeksassa teht\u00e4v\u00e4ryhm\u00e4ss\u00e4, joihin tuli 550 teht\u00e4v\u00e4\u00e4. Edelleen oli Suomen sijoitus 9. <a href=\"https:\/\/www.wfcc.ch\/wcct11-booklet\/\">Lopulliset tulokset.<\/a><br><br><a href=\"https:\/\/www.tehtavaniekat.fi\/index.php\/2025\/05\/01\/12-wcct-kilpailu-on-alkanut\/\">12. WCCT<\/a> alkoi 1.5.2025 ja laadinta-aika p\u00e4\u00e4ttyy 1.7.2026.<\/td><\/tr><\/tbody><\/table><\/figure>\n\n\n\n<h2 class=\"wp-block-heading\"><a><\/a><a href=\"http:\/\/www.saunalahti.fi\/~stniekat\/st\/kilp.htm#alku\"><\/a>LAADINTAKILPAILUJEN TUOMIOITA<\/h2>\n\n\n\n<ul class=\"wp-block-list\">\n<li><a href=\"https:\/\/www.tehtavaniekat.fi\/wp-content\/uploads\/ap_60_jt.pdf\" data-type=\"page\" data-id=\"4003\" target=\"_blank\" rel=\"noreferrer noopener\">Antti Parkkisen 60-vuotiskilpailu<\/a> <strong><sup>uusi<\/sup><\/strong><\/li>\n\n\n\n<li><a href=\"https:\/\/www.tehtavaniekat.fi\/wp-content\/uploads\/tn_1617_iX.pdf\" target=\"_blank\" rel=\"noreferrer noopener\"><em>Teht\u00e4v\u00e4niekka<\/em>-lehden itsematit 2016-17<\/a> <strong><sup>uusi<\/sup><\/strong><\/li>\n\n\n\n<li><a href=\"https:\/\/www.tehtavaniekat.fi\/wp-content\/uploads\/tn_2324_hX2.pdf\" target=\"_blank\" rel=\"noreferrer noopener\"><em>Teht\u00e4v\u00e4niekka<\/em>-lehden 2-siirtoiset apumatit 2023-24<\/a> <strong><sup>uusi<\/sup><\/strong><\/li>\n\n\n\n<li><a href=\"https:\/\/www.tehtavaniekat.fi\/wp-content\/uploads\/tn_2324_hX3.pdf\" target=\"_blank\" rel=\"noreferrer noopener\"><em>Teht\u00e4v\u00e4niekka<\/em>-lehden 2\u00bd-3 -siirtoiset apumatit 2023-24<\/a> <strong><sup>uusi<\/sup><\/strong><\/li>\n\n\n\n<li><a href=\"https:\/\/www.tehtavaniekat.fi\/wp-content\/uploads\/tn_2425_nX.pdf\" target=\"_blank\" rel=\"noreferrer noopener\"><em>Teht\u00e4v\u00e4niekka<\/em>-lehden monisiirtoiset 2024-25<\/a> <strong><sup>uusi<\/sup><\/strong><\/li>\n\n\n\n<li><a href=\"https:\/\/www.tehtavaniekat.fi\/wp-content\/uploads\/tn_2014-15_nX.pdf\" target=\"_blank\" rel=\"noreferrer noopener\"><em>Teht\u00e4v\u00e4niekka<\/em>-lehden monisiirtoiset 2014-15<\/a><\/li>\n\n\n\n<li><a href=\"https:\/\/www.tehtavaniekat.fi\/wp-content\/uploads\/tn_24_f.pdf\" target=\"_blank\" rel=\"noreferrer noopener\"><em>Teht\u00e4v\u00e4niekka<\/em>-lehden satuteht\u00e4v\u00e4t 2024<\/a><\/li>\n\n\n\n<li><a href=\"https:\/\/www.tehtavaniekat.fi\/wp-content\/uploads\/tn2223_3X.pdf\"><em>Teht\u00e4v\u00e4niekka<\/em>-lehden 3-siirtoiset 2022-23<\/a><\/li>\n\n\n\n<li><a href=\"https:\/\/www.tehtavaniekat.fi\/wp-content\/uploads\/tn2122_hX2-3.pdf\"><em>Teht\u00e4v\u00e4niekka<\/em>-lehden 2-3-siirtoiset apumatit 2021-22<\/a><\/li>\n\n\n\n<li><a href=\"https:\/\/www.tehtavaniekat.fi\/wp-content\/uploads\/Virtanen-MT.pdf\" data-type=\"attachment\" data-id=\"3415\" target=\"_blank\" rel=\"noreferrer noopener\">Kauko Virtasen muistokilpailu<\/a> <\/li>\n\n\n\n<li><a href=\"https:\/\/www.tehtavaniekat.fi\/wp-content\/uploads\/tn17f.pdf\" target=\"_blank\" rel=\"noreferrer noopener\"><em>Teht\u00e4v\u00e4niekka<\/em>-lehden satuteht\u00e4v\u00e4t 2017<\/a> <\/li>\n\n\n\n<li><a href=\"https:\/\/www.tehtavaniekat.fi\/wp-content\/uploads\/tn1213iX.pdf\" target=\"_blank\" rel=\"noreferrer noopener\"><em>Teht\u00e4v\u00e4niekka<\/em>-lehden itsematit 2012-13<\/a> <\/li>\n\n\n\n<li><a href=\"https:\/\/www.tehtavaniekat.fi\/wp-content\/uploads\/tn1619_2X.pdf\" target=\"_blank\" rel=\"noreferrer noopener\"><em>Teht\u00e4v\u00e4niekka<\/em>-lehden kaksisiirtoiset 2016-19<\/a> <\/li>\n\n\n\n<li><a href=\"https:\/\/www.tehtavaniekat.fi\/wp-content\/uploads\/Heinonen-MT.pdf\">Unto Heinosen muistokilpailu<\/a><\/li>\n\n\n\n<li><a href=\"https:\/\/www.tehtavaniekat.fi\/wp-content\/uploads\/Ilkka-Saren-MT.pdf\">Ilkka Sar\u00e9nin muistokilpailu<\/a><\/li>\n\n\n\n<li><a href=\"https:\/\/www.tehtavaniekat.fi\/wp-content\/uploads\/tn1619_nx.pdf\"><em>Teht\u00e4v\u00e4niekka<\/em>-lehden monisiirtoiset 2016-19<\/a><\/li>\n\n\n\n<li><a href=\"https:\/\/www.tehtavaniekat.fi\/wp-content\/uploads\/st0607_3X.pdf\"><em>Suomen teht\u00e4v\u00e4niekat<\/em> -lehden 3-siirtoiset 2006-07<\/a><\/li>\n\n\n\n<li><a href=\"https:\/\/www.tehtavaniekat.fi\/wp-content\/uploads\/st0506_2X.pdf\"><em>Suomen teht\u00e4v\u00e4niekat<\/em> -lehden 2-siirtoiset 2005-06<\/a><\/li>\n\n\n\n<li><a href=\"https:\/\/www.tehtavaniekat.fi\/wp-content\/uploads\/tn2122_hxn.pdf\"><em>Teht\u00e4v\u00e4niekka<\/em>-lehden monisiirtoiset apumatit 2021-22<\/a><\/li>\n\n\n\n<li><a href=\"https:\/\/www.tehtavaniekat.fi\/wp-content\/uploads\/tn2022_studies.pdf\"><em>Teht\u00e4v\u00e4niekka<\/em>-lehden lopputeht\u00e4v\u00e4t 2022<\/a><\/li>\n\n\n\n<li><a href=\"https:\/\/www.tehtavaniekat.fi\/wp-content\/uploads\/tn21ixpx.pdf\"><em>Teht\u00e4v\u00e4niekka<\/em>-lehden itse- ja pakkomatit 2020-21<\/a><\/li>\n\n\n\n<li><a href=\"https:\/\/www.tehtavaniekat.fi\/wp-content\/uploads\/tn0809nx.pdf\"><em>Teht\u00e4v\u00e4niekka<\/em>-lehden monisiirtoiset 2008-09<\/a><\/li>\n\n\n\n<li><a href=\"https:\/\/www.tehtavaniekat.fi\/wp-content\/uploads\/Virtanen_90_JT.pdf\">Kauko Virtasen 90-vuotiskilpailu<\/a><\/li>\n\n\n\n<li><a rel=\"noreferrer noopener\" href=\"https:\/\/www.tehtavaniekat.fi\/wp-content\/uploads\/ks64.pdf\" target=\"_blank\">Kenneth Soljan 64-vuotiskilpailu<\/a> <\/li>\n\n\n\n<li><a rel=\"noreferrer noopener\" href=\"https:\/\/www.tehtavaniekat.fi\/wp-content\/uploads\/tn19_20ax2_3.pdf\" target=\"_blank\"><em>Teht\u00e4v\u00e4niekka<\/em>-lehden 2-3-siirtoiset apumatit 2019-20<\/a> <\/li>\n\n\n\n<li><a rel=\"noreferrer noopener\" href=\"https:\/\/www.tehtavaniekat.fi\/wp-content\/uploads\/tn1013nx.pdf\" target=\"_blank\"><em>Teht\u00e4v\u00e4niekka<\/em>-lehden monisiirtoiset 2010-13<\/a> <\/li>\n\n\n\n<li><a rel=\"noreferrer noopener\" href=\"https:\/\/www.tehtavaniekat.fi\/wp-content\/uploads\/Hurme_MT.pdf\" target=\"_blank\">Harri Hurmeen muistokilpailu<\/a> <\/li>\n\n\n\n<li><a rel=\"noreferrer noopener\" href=\"https:\/\/www.tehtavaniekat.fi\/wp-content\/uploads\/tn16f.pdf\" target=\"_blank\"><em>Teht\u00e4v\u00e4niekka<\/em>-lehden satu- ja retroteht\u00e4v\u00e4t 2016<\/a><\/li>\n\n\n\n<li><a rel=\"noreferrer noopener\" href=\"https:\/\/www.tehtavaniekat.fi\/wp-content\/uploads\/tn14f.pdf\" target=\"_blank\"><em>Teht\u00e4v\u00e4niekka<\/em>-lehden satu- ja retroteht\u00e4v\u00e4t 2014<\/a><\/li>\n\n\n\n<li><a rel=\"noreferrer noopener\" href=\"https:\/\/www.tehtavaniekat.fi\/wp-content\/uploads\/tn1718aX.pdf\" target=\"_blank\"><em>Teht\u00e4v\u00e4niekka<\/em>-lehden 2- ja 2\u00bd-3-siirtoiset apumatit 2017-18<\/a><\/li>\n\n\n\n<li><a rel=\"noreferrer noopener\" href=\"https:\/\/www.tehtavaniekat.fi\/wp-content\/uploads\/tn_eg_1719.pdf\" target=\"_blank\"><em>Teht\u00e4v\u00e4niekka<\/em>-lehden lopputeht\u00e4v\u00e4t 2017-2019<\/a><\/li>\n\n\n\n<li><a rel=\"noreferrer noopener\" href=\"https:\/\/www.tehtavaniekat.fi\/wp-content\/uploads\/100v.pdf\" target=\"_blank\">Jan Hannelius, Antti G. Ojanen ja Osmo Kaila 100 MT<\/a><\/li>\n\n\n\n<li><a rel=\"noreferrer noopener\" href=\"https:\/\/www.tehtavaniekat.fi\/wp-content\/uploads\/tn19_00_2X.pdf\" target=\"_blank\"><em>Teht\u00e4v\u00e4niekka<\/em> -lehden 2-siirtoiset 1999-2000<\/a><\/li>\n\n\n\n<li><a rel=\"noreferrer noopener\" href=\"https:\/\/www.tehtavaniekat.fi\/wp-content\/uploads\/tn1415ix.pdf\" target=\"_blank\"><em>Teht\u00e4v\u00e4niekka<\/em>-lehden itsematit 2014-2015<\/a><\/li>\n\n\n\n<li><a rel=\"noreferrer noopener\" href=\"https:\/\/www.tehtavaniekat.fi\/wp-content\/uploads\/tn1718axn.pdf\" target=\"_blank\"><em>Teht\u00e4v\u00e4niekka<\/em>-lehden monisiirtoiset apumatit 2017-18<\/a><\/li>\n\n\n\n<li><a rel=\"noreferrer noopener\" href=\"https:\/\/www.tehtavaniekat.fi\/wp-content\/uploads\/2021\/09\/JS_50.pdf\" target=\"_blank\">Janne Syv\u00e4niemen 50-vuotiskilpailu<\/a><\/li>\n\n\n\n<li><a rel=\"noreferrer noopener\" href=\"https:\/\/www.tehtavaniekat.fi\/wp-content\/uploads\/tn1516ax23.pdf\" target=\"_blank\"><em>Teht\u00e4v\u00e4niekka<\/em>-lehden 2-3 -siirtoiset apumatit 2015-2016<\/a><\/li>\n\n\n\n<li><a rel=\"noreferrer noopener\" href=\"https:\/\/www.tehtavaniekat.fi\/wp-content\/uploads\/tn1213f.pdf\" target=\"_blank\"><em>Teht\u00e4v\u00e4niekka<\/em>-lehden satuteht\u00e4v\u00e4t 2012-2013<\/a><\/li>\n\n\n\n<li><a rel=\"noreferrer noopener\" href=\"https:\/\/www.tehtavaniekat.fi\/wp-content\/uploads\/tn1516axn.pdf\" target=\"_blank\"><em>Teht\u00e4v\u00e4niekka<\/em>-lehden monisiirtoiset apumatit 2015-16<\/a><\/li>\n\n\n\n<li><a rel=\"noreferrer noopener\" href=\"https:\/\/www.tehtavaniekat.fi\/wp-content\/uploads\/solja50jt.pdf\" target=\"_blank\">Kenneth Soljan 60-vuotiskilpailu<\/a><\/li>\n\n\n\n<li><a rel=\"noreferrer noopener\" href=\"https:\/\/www.tehtavaniekat.fi\/wp-content\/uploads\/tn0607ix.pdf\" target=\"_blank\"><em>Teht\u00e4v\u00e4niekka<\/em>-lehden itsematit 2006-2007<\/a><\/li>\n\n\n\n<li><a rel=\"noreferrer noopener\" href=\"https:\/\/www.tehtavaniekat.fi\/wp-content\/uploads\/sailas70.pdf\" target=\"_blank\">Raimo Sailaksen 70-vuotiskilpailu<\/a><\/li>\n\n\n\n<li><a rel=\"noreferrer noopener\" href=\"https:\/\/www.tehtavaniekat.fi\/wp-content\/uploads\/tn1415_2X.pdf\" target=\"_blank\"><em>Teht\u00e4v\u00e4niekka <\/em>-lehden 2-siirtoiset 2014-2015<\/a><\/li>\n\n\n\n<li><a rel=\"noreferrer noopener\" href=\"https:\/\/www.tehtavaniekat.fi\/wp-content\/uploads\/tn_eg_1416.pdf\" target=\"_blank\"><em>Teht\u00e4v\u00e4niekka<\/em>-lehden lopputeht\u00e4v\u00e4t 2014-2016<\/a><\/li>\n\n\n\n<li><a rel=\"noreferrer noopener\" href=\"https:\/\/www.tehtavaniekat.fi\/wp-content\/uploads\/hurme70.pdf\" target=\"_blank\">Harri Hurmeen 70-vuotiskilpailu<\/a><\/li>\n\n\n\n<li><a rel=\"noreferrer noopener\" href=\"https:\/\/www.tehtavaniekat.fi\/wp-content\/uploads\/tn1415_3X.pdf\" target=\"_blank\"><em>Teht\u00e4v\u00e4niekka<\/em>-lehden 3-siirtoiset 2014-2015<\/a><\/li>\n\n\n\n<li><a rel=\"noreferrer noopener\" href=\"https:\/\/www.tehtavaniekat.fi\/wp-content\/uploads\/tn1112hX3.pdf\" target=\"_blank\"><em>Teht\u00e4v\u00e4niekka<\/em>-lehden 2,5-3 -siirtoiset apumatit 2011-2012<\/a><\/li>\n\n\n\n<li><a rel=\"noreferrer noopener\" href=\"https:\/\/www.tehtavaniekat.fi\/wp-content\/uploads\/st0708hX2.pdf\" target=\"_blank\"><em>Suomen teht\u00e4v\u00e4niekat<\/em> -lehden 2-siirtoiset apumatit 2007-2008<\/a><\/li>\n\n\n\n<li><a rel=\"noreferrer noopener\" href=\"https:\/\/www.tehtavaniekat.fi\/wp-content\/uploads\/st_nX_0607.pdf\" target=\"_blank\"><em>Suomen teht\u00e4v\u00e4niekat<\/em> -lehden monisiirtoiset 2006-2007<\/a><\/li>\n\n\n\n<li><a rel=\"noreferrer noopener\" href=\"https:\/\/www.tehtavaniekat.fi\/wp-content\/uploads\/st_2X_0809.pdf\" target=\"_blank\"><em>Suomen teht\u00e4v\u00e4niekat<\/em> -lehden 2-siirtoiset 2008-2009<\/a><\/li>\n\n\n\n<li><a rel=\"noreferrer noopener\" href=\"https:\/\/www.tehtavaniekat.fi\/wp-content\/uploads\/tn1314hx2-3.pdf\" target=\"_blank\"><em>Teht\u00e4v\u00e4niekka<\/em>-lehden 2-3 -siirtoiset apumatit 2013-2014<\/a><\/li>\n\n\n\n<li><a rel=\"noreferrer noopener\" href=\"https:\/\/www.tehtavaniekat.fi\/wp-content\/uploads\/tn2015f.pdf\" target=\"_blank\"><em>Teht\u00e4v\u00e4niekka<\/em>-lehden satuteht\u00e4v\u00e4t 2015<\/a><\/li>\n\n\n\n<li><a rel=\"noreferrer noopener\" href=\"https:\/\/www.tehtavaniekat.fi\/wp-content\/uploads\/st0810hxn.pdf\" target=\"_blank\"><em>Suomen teht\u00e4v\u00e4niekat<\/em> -lehden monisiirtoiset apumatit 2008-2010<\/a><\/li>\n\n\n\n<li><a rel=\"noreferrer noopener\" href=\"https:\/\/www.tehtavaniekat.fi\/wp-content\/uploads\/st0405ix.pdf\" target=\"_blank\"><em>Suomen teht\u00e4v\u00e4niekat<\/em> -lehden itsematit 2004-2005<\/a><\/li>\n\n\n\n<li><a rel=\"noreferrer noopener\" href=\"https:\/\/www.tehtavaniekat.fi\/wp-content\/uploads\/st0405f.pdf\" target=\"_blank\"><em>Suomen teht\u00e4v\u00e4niekat<\/em> -lehden satuteht\u00e4v\u00e4t 2004-2005<\/a><\/li>\n\n\n\n<li><a rel=\"noreferrer noopener\" href=\"https:\/\/www.tehtavaniekat.fi\/wp-content\/uploads\/st0810hx3.pdf\" target=\"_blank\"><em>Suomen teht\u00e4v\u00e4niekat<\/em> -lehden kolmisiirtoiset apumatit 2008-2010<\/a><\/li>\n\n\n\n<li><a rel=\"noreferrer noopener\" href=\"https:\/\/www.tehtavaniekat.fi\/wp-content\/uploads\/st0607hxn.pdf\" target=\"_blank\"><em>Suomen teht\u00e4v\u00e4niekat<\/em> -lehden monisiirtoiset apumatit 2006-2007<\/a><\/li>\n\n\n\n<li><a rel=\"noreferrer noopener\" href=\"https:\/\/www.tehtavaniekat.fi\/wp-content\/uploads\/tn1112hx2.pdf\" target=\"_blank\"><em>Teht\u00e4v\u00e4niekka<\/em>-lehden 2-siirtoiset apumatit 2011-2012<\/a><\/li>\n\n\n\n<li><a rel=\"noreferrer noopener\" href=\"https:\/\/www.tehtavaniekat.fi\/wp-content\/uploads\/tn_eg_1113.pdf\" target=\"_blank\"><em>Teht\u00e4v\u00e4niekka<\/em>-lehden lopputeht\u00e4v\u00e4t 2011-2013<\/a><\/li>\n\n\n\n<li><a rel=\"noreferrer noopener\" href=\"https:\/\/www.tehtavaniekat.fi\/wp-content\/uploads\/st_eg_0304.pdf\" target=\"_blank\"><em>Suomen teht\u00e4v\u00e4niekat<\/em> -lehden lopputeht\u00e4v\u00e4t 2003-2004<\/a><\/li>\n\n\n\n<li><a rel=\"noreferrer noopener\" href=\"https:\/\/www.tehtavaniekat.fi\/wp-content\/uploads\/3X_1213.pdf\" target=\"_blank\">Teht\u00e4v\u00e4niekka-lehden 3-siirtoiset 2012-2013<\/a><\/li>\n\n\n\n<li><a rel=\"noreferrer noopener\" href=\"https:\/\/www.tehtavaniekat.fi\/wp-content\/uploads\/3X_0811.pdf\" target=\"_blank\"><em>Suomen Teht\u00e4v\u00e4niekat<\/em>\/<em>Teht\u00e4v\u00e4niekka <\/em>-lehden 3-siirtoiset 2008-2009 ja 2010-2011<\/a><\/li>\n\n\n\n<li><a rel=\"noreferrer noopener\" href=\"https:\/\/www.tehtavaniekat.fi\/wp-content\/uploads\/st1011ix.pdf\" target=\"_blank\"><em>Suomen Teht\u00e4v\u00e4niekat<\/em>\/<em>Teht\u00e4v\u00e4niekka <\/em>-lehden itsematit 2010-2011<\/a> <\/li>\n\n\n\n<li><a rel=\"noreferrer noopener\" href=\"https:\/\/www.tehtavaniekat.fi\/wp-content\/uploads\/kv80.pdf\" target=\"_blank\">Kauko Virtasen 80-vuotiskilpailu<\/a><\/li>\n\n\n\n<li><a rel=\"noreferrer noopener\" href=\"https:\/\/www.tehtavaniekat.fi\/wp-content\/uploads\/jn40.pdf\" target=\"_blank\">Joose Norrin 40-vuotiskilpailu<\/a><\/li>\n\n\n\n<li><a rel=\"noreferrer noopener\" href=\"https:\/\/www.tehtavaniekat.fi\/wp-content\/uploads\/jp50jt.pdf\" target=\"_blank\">Jorma Paavilaisen 50-vuotiskilpailu<\/a><\/li>\n\n\n\n<li><a rel=\"noreferrer noopener\" href=\"https:\/\/www.tehtavaniekat.fi\/wp-content\/uploads\/st1011f.pdf\" target=\"_blank\"><em>Suomen teht\u00e4v\u00e4niekat<\/em>\/<em>Teht\u00e4v\u00e4niekka<\/em> -lehden satuteht\u00e4v\u00e4t 2010-2011<\/a><\/li>\n\n\n\n<li><a rel=\"noreferrer noopener\" href=\"https:\/\/www.tehtavaniekat.fi\/wp-content\/uploads\/st0910hx2.pdf\" target=\"_blank\"><em>Suomen teht\u00e4v\u00e4niekat<\/em> -lehden 2-siirtoiset apumatit 2009-2010<\/a><\/li>\n\n\n\n<li><a rel=\"noreferrer noopener\" href=\"https:\/\/www.tehtavaniekat.fi\/wp-content\/uploads\/st_eg_09_10.pdf\" target=\"_blank\"><em>Suomen teht\u00e4v\u00e4niekat<\/em> -lehden lopputeht\u00e4v\u00e4t 2009-2010<\/a><\/li>\n\n\n\n<li><a rel=\"noreferrer noopener\" href=\"https:\/\/www.tehtavaniekat.fi\/wp-content\/uploads\/st_3x_9899.pdf\" target=\"_blank\"><em>Suomen teht\u00e4v\u00e4niekat<\/em> -lehden 3-siirtoiset 1998-1999<\/a><\/li>\n\n\n\n<li><a rel=\"noreferrer noopener\" href=\"https:\/\/www.tehtavaniekat.fi\/wp-content\/uploads\/st0809ix.pdf\" target=\"_blank\"><em>Suomen teht\u00e4v\u00e4niekat<\/em> -lehden itsematit 2008-2009<\/a><\/li>\n\n\n\n<li><a rel=\"noreferrer noopener\" href=\"https:\/\/www.tehtavaniekat.fi\/wp-content\/uploads\/steg0708.pdf\" target=\"_blank\"><em>Suomen teht\u00e4v\u00e4niekat<\/em> -lehden ja Suomen Shakin lopputeht\u00e4v\u00e4t 2007-2008<\/a><\/li>\n\n\n\n<li><a rel=\"noreferrer noopener\" href=\"https:\/\/www.tehtavaniekat.fi\/wp-content\/uploads\/st_2x_07.pdf\" target=\"_blank\"><em>Suomen teht\u00e4v\u00e4niekat<\/em> -lehden 2-siirtoiset 2007<\/a><\/li>\n\n\n\n<li><a rel=\"noreferrer noopener\" href=\"https:\/\/www.tehtavaniekat.fi\/wp-content\/uploads\/st1999f.pdf\" target=\"_blank\">Suom<em>en teht\u00e4v\u00e4niekat<\/em> -lehden satu- ja retroteht\u00e4v\u00e4t 1999<\/a><\/li>\n\n\n\n<li><a rel=\"noreferrer noopener\" href=\"https:\/\/www.tehtavaniekat.fi\/wp-content\/uploads\/ps100.pdf\" target=\"_blank\">Pentti Solan 100-vuotismuistokilpailu<\/a><\/li>\n\n\n\n<li><a rel=\"noreferrer noopener\" href=\"https:\/\/www.tehtavaniekat.fi\/wp-content\/uploads\/hh60.pdf\" target=\"_blank\">Harri Hurmeen 60-vuotiskilpailu<\/a><\/li>\n\n\n\n<li><a rel=\"noreferrer noopener\" href=\"https:\/\/www.tehtavaniekat.fi\/wp-content\/uploads\/uh60.pdf\" target=\"_blank\">Unto Heinosen 60-vuotiskilpailu<\/a><\/li>\n\n\n\n<li><a rel=\"noreferrer noopener\" href=\"https:\/\/www.tehtavaniekat.fi\/wp-content\/uploads\/st0506hx2.pdf\" target=\"_blank\"><em>Suomen teht\u00e4v\u00e4niekat<\/em> -lehden 2-siirtoiset apumatit 2005-2006<\/a><\/li>\n\n\n\n<li><a rel=\"noreferrer noopener\" href=\"https:\/\/www.tehtavaniekat.fi\/wp-content\/uploads\/solja50jt.pdf\" target=\"_blank\">Kenneth Soljan 50-vuotiskilpailu<\/a><\/li>\n\n\n\n<li><a rel=\"noreferrer noopener\" href=\"https:\/\/www.tehtavaniekat.fi\/wp-content\/uploads\/ht50.pdf\" target=\"_blank\">Henry Tannerin 50-vuotiskilpailu<\/a><\/li>\n\n\n\n<li><a rel=\"noreferrer noopener\" href=\"https:\/\/www.tehtavaniekat.fi\/wp-content\/uploads\/st_ax3_0405.pdf\" target=\"_blank\"><em>Suomen teht\u00e4v\u00e4niekat<\/em> -lehden 3-siirtoiset apumatit 2004-2005<\/a><\/li>\n\n\n\n<li><a rel=\"noreferrer noopener\" href=\"https:\/\/www.tehtavaniekat.fi\/wp-content\/uploads\/st_3x_0405.pdf\" target=\"_blank\"><em>Suomen teht\u00e4v\u00e4niekat<\/em> -lehden 3-siirtoiset 2004-2005<\/a><\/li>\n\n\n\n<li><a rel=\"noreferrer noopener\" href=\"https:\/\/www.tehtavaniekat.fi\/wp-content\/uploads\/fairy2003.pdf\" target=\"_blank\"><em>Suomen teht\u00e4v\u00e4niekat<\/em> -lehden satuteht\u00e4v\u00e4t 2003<\/a><\/li>\n\n\n\n<li><a rel=\"noreferrer noopener\" href=\"https:\/\/www.tehtavaniekat.fi\/wp-content\/uploads\/jhmem.pdf\" target=\"_blank\">Jan Hanneliuksen muistokilpailu<\/a><\/li>\n\n\n\n<li><a rel=\"noreferrer noopener\" href=\"https:\/\/www.tehtavaniekat.fi\/wp-content\/uploads\/egst0506.pdf\" target=\"_blank\"><em>Suomen teht\u00e4v\u00e4niekat<\/em> -lehden 2005-2006 lopputeht\u00e4v\u00e4t<\/a><\/li>\n\n\n\n<li><a rel=\"noreferrer noopener\" href=\"https:\/\/www.tehtavaniekat.fi\/wp-content\/uploads\/kv50.pdf\" target=\"_blank\">Kari Valtosen 50-vuotiskilpailu<\/a><\/li>\n<\/ul>\n\n\n\n<p><\/p>\n\n\n\n<p><\/p>\n","protected":false},"excerpt":{"rendered":"<p>Laadintakilpailut Kotimaiset laadintakilpailut ST:n j\u00e4senlehden Teht\u00e4v\u00e4niekan vuosikilpailut ensipainosteht\u00e4ville ovat k\u00e4ynniss\u00e4 jatkuvasti. Ulkomaiset laadintakilpailut Tietoa ulkomaisista kilpailuista saa alan lehdist\u00e4, kansainv\u00e4lisilt\u00e4 verkkosivuilta ja teht\u00e4v\u00e4illoissa. WFCC:n sivuilla on jatkuvasti p\u00e4ivitett\u00e4v\u00e4 kilpailukalenteri. WCCT Kuudes kansainv\u00e4linen joukkuelaadintakilpailu (World Chess Composition Tournament eli WCCT) k\u00e4ytiin vuosina 1998-2000. Tulokset Seisem\u00e4s WCCT k\u00e4ytiin vuosina 2001-2004. Tulokset Kahdeksas&#8230; <a class=\"continue-reading-link\" href=\"https:\/\/www.tehtavaniekat.fi\/index.php\/laadintakilpailut\/\">Jatka lukemista<\/a><\/p>\n","protected":false},"author":1,"featured_media":0,"parent":0,"menu_order":0,"comment_status":"closed","ping_status":"closed","template":"","meta":{"footnotes":""},"class_list":["post-368","page","type-page","status-publish","hentry"],"_links":{"self":[{"href":"https:\/\/www.tehtavaniekat.fi\/index.php\/wp-json\/wp\/v2\/pages\/368","targetHints":{"allow":["GET"]}}],"collection":[{"href":"https:\/\/www.tehtavaniekat.fi\/index.php\/wp-json\/wp\/v2\/pages"}],"about":[{"href":"https:\/\/www.tehtavaniekat.fi\/index.php\/wp-json\/wp\/v2\/types\/page"}],"author":[{"embeddable":true,"href":"https:\/\/www.tehtavaniekat.fi\/index.php\/wp-json\/wp\/v2\/users\/1"}],"replies":[{"embeddable":true,"href":"https:\/\/www.tehtavaniekat.fi\/index.php\/wp-json\/wp\/v2\/comments?post=368"}],"version-history":[{"count":50,"href":"https:\/\/www.tehtavaniekat.fi\/index.php\/wp-json\/wp\/v2\/pages\/368\/revisions"}],"predecessor-version":[{"id":4064,"href":"https:\/\/www.tehtavaniekat.fi\/index.php\/wp-json\/wp\/v2\/pages\/368\/revisions\/4064"}],"wp:attachment":[{"href":"https:\/\/www.tehtavaniekat.fi\/index.php\/wp-json\/wp\/v2\/media?parent=368"}],"curies":[{"name":"wp","href":"https:\/\/api.w.org\/{rel}","templated":true}]}}